{"id":21,"date":"2024-02-21T17:20:40","date_gmt":"2024-02-21T17:20:40","guid":{"rendered":"https:\/\/seeappartement-marina.expose.at\/?page_id=21"},"modified":"2024-03-27T15:50:15","modified_gmt":"2024-03-27T15:50:15","slug":"home","status":"publish","type":"page","link":"https:\/\/seeappartement-marina.at\/en\/","title":{"rendered":"home"},"content":{"rendered":"<p>[et_pb_section fb_built=&#8220;1&#8243; admin_label=&#8220;Header&#8220; _builder_version=&#8220;4.24.2&#8243; _module_preset=&#8220;default&#8220; use_background_color_gradient=&#8220;on&#8220; background_color_gradient_stops=&#8220;rgba(0,0,0,0.13) 0%|rgba(0,0,0,0.14) 100%&#8220; background_color_gradient_overlays_image=&#8220;on&#8220; background_image=&#8220;https:\/\/seeappartement-marina.at\/wp-content\/uploads\/2024\/03\/titel-woerthersee.jpeg&#8220; min_height=&#8220;524.9px&#8220; custom_margin=&#8220;-36px||||false|false&#8220; custom_margin_tablet=&#8220;-36px||||false|false&#8220; custom_margin_phone=&#8220;-85px||||false|false&#8220; custom_margin_last_edited=&#8220;on|phone&#8220; custom_padding=&#8220;164px||191px||false|false&#8220; collapsed=&#8220;on&#8220; global_colors_info=&#8220;{}&#8220;][et_pb_row _builder_version=&#8220;4.24.2&#8243; _module_preset=&#8220;default&#8220; width=&#8220;85%&#8220; width_tablet=&#8220;84%&#8220; width_phone=&#8220;79%&#8220; width_last_edited=&#8220;on|tablet&#8220; max_width=&#8220;1300px&#8220; custom_margin=&#8220;-22px||||false|false&#8220; animation_style=&#8220;slide&#8220; animation_direction=&#8220;bottom&#8220; animation_duration=&#8220;1100ms&#8220; animation_delay=&#8220;350ms&#8220; animation_intensity_slide=&#8220;27%&#8220; animation_starting_opacity=&#8220;23%&#8220; global_colors_info=&#8220;{}&#8220;][et_pb_column type=&#8220;4_4&#8243; _builder_version=&#8220;4.22.0&#8243; _module_preset=&#8220;default&#8220; global_colors_info=&#8220;{}&#8220;][et_pb_text _builder_version=&#8220;4.24.2&#8243; _module_preset=&#8220;ccc69adc-8799-45b7-a208-647416219e97&#8243; text_line_height=&#8220;1.4em&#8220; header_4_text_color=&#8220;#FFFFFF&#8220; header_4_font_size=&#8220;23px&#8220; header_4_font_size_tablet=&#8220;23px&#8220; header_4_font_size_phone=&#8220;17px&#8220; header_4_font_size_last_edited=&#8220;on|phone&#8220; global_colors_info=&#8220;{}&#8220;]<\/p>\n<h4>Sommerurlaub direkt am W\u00f6rthersee<\/h4>\n<p>[\/et_pb_text][et_pb_text content_tablet=&#8220;<\/p>\n<h1>Seeappartements<br \/>Marina<\/h1>\n<p>&#8220; content_phone=&#8220;<\/p>\n<h1>See-<br \/>appartements<br \/>Marina<\/h1>\n<p>&#8220; content_last_edited=&#8220;on|phone&#8220; _builder_version=&#8220;4.24.2&#8243; _module_preset=&#8220;2977a51a-45b0-4e09-8f55-957814fa6cb2&#8243; header_font=&#8220;Noto Sans|600|||||||&#8220; header_text_color=&#8220;#FFFFFF&#8220; header_font_size=&#8220;74px&#8220; header_font_size_tablet=&#8220;73px&#8220; header_font_size_phone=&#8220;42px&#8220; global_colors_info=&#8220;{}&#8220;]<\/p>\n<h1>Seeappartements<br \/>Marina<\/h1>\n<p>[\/et_pb_text][et_pb_button button_url=&#8220;@ET-DC@eyJkeW5hbWljIjp0cnVlLCJjb250ZW50IjoicG9zdF9saW5rX3VybF9wYWdlIiwic2V0dGluZ3MiOnsicG9zdF9pZCI6IjMxNyJ9fQ==@&#8220; button_text=&#8220;Jetzt reservieren&#8220; _builder_version=&#8220;4.24.2&#8243; _dynamic_attributes=&#8220;button_url&#8220; _module_preset=&#8220;ac57e7bb-164a-434b-8ce3-d8242dc7daec&#8220; custom_button=&#8220;off&#8220; global_colors_info=&#8220;{}&#8220;][\/et_pb_button][\/et_pb_column][\/et_pb_row][\/et_pb_section][et_pb_section fb_built=&#8220;1&#8243; custom_padding_last_edited=&#8220;on|tablet&#8220; _builder_version=&#8220;4.24.2&#8243; _module_preset=&#8220;default&#8220; width=&#8220;100%&#8220; max_width=&#8220;100%&#8220; max_width_tablet=&#8220;93%&#8220; max_width_phone=&#8220;100%&#8220; max_width_last_edited=&#8220;on|tablet&#8220; module_alignment=&#8220;center&#8220; custom_margin_tablet=&#8220;&#8220; custom_margin_phone=&#8220;&#8220; custom_margin_last_edited=&#8220;on|tablet&#8220; custom_padding=&#8220;||||false|false&#8220; custom_padding_tablet=&#8220;||||false|false&#8220; custom_padding_phone=&#8220;|||0px|false|false&#8220; hover_enabled=&#8220;0&#8243; module_alignment_tablet=&#8220;center&#8220; module_alignment_phone=&#8220;center&#8220; module_alignment_last_edited=&#8220;on|desktop&#8220; global_colors_info=&#8220;{}&#8220; sticky_enabled=&#8220;0&#8243;][et_pb_row column_structure=&#8220;1_3,1_3,1_3&#8243; custom_padding_last_edited=&#8220;on|tablet&#8220; _builder_version=&#8220;4.24.2&#8243; _module_preset=&#8220;default&#8220; width=&#8220;85%&#8220; width_tablet=&#8220;96%&#8220; width_phone=&#8220;84%&#8220; width_last_edited=&#8220;on|tablet&#8220; max_width=&#8220;1300px&#8220; max_width_tablet=&#8220;1377px&#8220; max_width_phone=&#8220;1377px&#8220; max_width_last_edited=&#8220;on|phone&#8220; module_alignment=&#8220;center&#8220; custom_padding=&#8220;||||false|false&#8220; custom_padding_tablet=&#8220;||||false|false&#8220; custom_padding_phone=&#8220;||||false|false&#8220; module_alignment_tablet=&#8220;center&#8220; module_alignment_phone=&#8220;center&#8220; module_alignment_last_edited=&#8220;on|tablet&#8220; global_colors_info=&#8220;{}&#8220;][et_pb_column type=&#8220;1_3&#8243; _builder_version=&#8220;4.24.2&#8243; _module_preset=&#8220;default&#8220; custom_padding_tablet=&#8220;&#8220; custom_padding_phone=&#8220;&#8220; custom_padding_last_edited=&#8220;on|tablet&#8220; global_colors_info=&#8220;{}&#8220;][difl_imagehover image=&#8220;https:\/\/seeappartement-marina.at\/wp-content\/uploads\/2024\/02\/A4-Wohnen_500px.jpg&#8220; title_text=&#8220;Appartement 4&#8243; content_position=&#8220;c4-layout-bottom-center&#8220; _builder_version=&#8220;4.24.2&#8243; _dynamic_attributes=&#8220;link_option_url&#8220; _module_preset=&#8220;default&#8220; title_font_size=&#8220;19px&#8220; module_alignment=&#8220;center&#8220; link_option_url=&#8220;@ET-DC@eyJkeW5hbWljIjp0cnVlLCJjb250ZW50IjoicG9zdF9saW5rX3VybF9wYWdlIiwic2V0dGluZ3MiOnsicG9zdF9pZCI6IjMzNyJ9fQ==@&#8220; global_colors_info=&#8220;{}&#8220;][\/difl_imagehover][et_pb_text _builder_version=&#8220;4.24.2&#8243; _module_preset=&#8220;default&#8220; text_font=&#8220;|600||on|||||&#8220; header_3_font=&#8220;|600|||||||&#8220; global_colors_info=&#8220;{}&#8220;]<\/p>\n<h3 style=\"text-align: center;\">Appartements<\/h3>\n<p>[\/et_pb_text][\/et_pb_column][et_pb_column type=&#8220;1_3&#8243; _builder_version=&#8220;4.24.2&#8243; _module_preset=&#8220;default&#8220; global_colors_info=&#8220;{}&#8220;][difl_imagehover image=&#8220;https:\/\/seeappartement-marina.at\/wp-content\/uploads\/2024\/02\/Marina-Seeseite003_500px.jpg&#8220; title_text=&#8220;Blick vom See&#8220; content_position=&#8220;c4-layout-bottom-center&#8220; _builder_version=&#8220;4.24.2&#8243; _dynamic_attributes=&#8220;link_option_url&#8220; _module_preset=&#8220;default&#8220; title_font_size=&#8220;19px&#8220; module_alignment=&#8220;center&#8220; link_option_url=&#8220;@ET-DC@eyJkeW5hbWljIjp0cnVlLCJjb250ZW50IjoicG9zdF9saW5rX3VybF9wYWdlIiwic2V0dGluZ3MiOnsicG9zdF9pZCI6IjMzNyJ9fQ==@&#8220; global_colors_info=&#8220;{}&#8220;][\/difl_imagehover][et_pb_text _builder_version=&#8220;4.24.2&#8243; _module_preset=&#8220;default&#8220; text_font=&#8220;|600||on|||||&#8220; header_3_font=&#8220;|600|||||||&#8220; global_colors_info=&#8220;{}&#8220;]<\/p>\n<h3 style=\"text-align: center;\">Seeseite<\/h3>\n<p>[\/et_pb_text][\/et_pb_column][et_pb_column type=&#8220;1_3&#8243; _builder_version=&#8220;4.24.2&#8243; _module_preset=&#8220;default&#8220; global_colors_info=&#8220;{}&#8220;][difl_imagehover image=&#8220;https:\/\/seeappartement-marina.at\/wp-content\/uploads\/2024\/03\/LiegewieseSee001_500px.jpeg&#8220; title_text=&#8220;Liegewiese mit Seeblick&#8220; content_position=&#8220;c4-layout-bottom-center&#8220; _builder_version=&#8220;4.24.2&#8243; _dynamic_attributes=&#8220;link_option_url&#8220; _module_preset=&#8220;default&#8220; title_font_size=&#8220;19px&#8220; module_alignment=&#8220;center&#8220; link_option_url=&#8220;@ET-DC@eyJkeW5hbWljIjp0cnVlLCJjb250ZW50IjoicG9zdF9saW5rX3VybF9wYWdlIiwic2V0dGluZ3MiOnsicG9zdF9pZCI6IjMzNyJ9fQ==@&#8220; global_colors_info=&#8220;{}&#8220;][\/difl_imagehover][et_pb_text _builder_version=&#8220;4.24.2&#8243; _module_preset=&#8220;default&#8220; text_font=&#8220;|600||on|||||&#8220; header_3_font=&#8220;|600|||||||&#8220; global_colors_info=&#8220;{}&#8220;]<\/p>\n<h3 style=\"text-align: center;\">Liegewiese<\/h3>\n<p>[\/et_pb_text][\/et_pb_column][\/et_pb_row][\/et_pb_section][et_pb_section fb_built=&#8220;1&#8243; prev_background_color=&#8220;#ffffff&#8220; admin_label=&#8220;Feature&#8220; _builder_version=&#8220;4.24.2&#8243; _module_preset=&#8220;default&#8220; background_color=&#8220;rgba(21,129,168,0.18)&#8220; top_divider_style=&#8220;waves2&#8243; top_divider_height=&#8220;41px&#8220; top_divider_repeat=&#8220;1x&#8220; top_divider_height_tablet=&#8220;41px&#8220; top_divider_height_phone=&#8220;45px&#8220; top_divider_height_last_edited=&#8220;on|phone&#8220; bottom_divider_height=&#8220;18px&#8220; bottom_divider_repeat=&#8220;2x&#8220; collapsed=&#8220;on&#8220; global_colors_info=&#8220;{}&#8220;][et_pb_row column_structure=&#8220;2_3,1_3&#8243; _builder_version=&#8220;4.24.2&#8243; _module_preset=&#8220;default&#8220; width=&#8220;85%&#8220; width_tablet=&#8220;&#8220; width_phone=&#8220;100%&#8220; width_last_edited=&#8220;on|phone&#8220; max_width=&#8220;1300px&#8220; global_colors_info=&#8220;{}&#8220;][et_pb_column type=&#8220;2_3&#8243; _builder_version=&#8220;4.22.0&#8243; _module_preset=&#8220;default&#8220; global_colors_info=&#8220;{}&#8220;][et_pb_image src=&#8220;https:\/\/seeappartement-marina.at\/wp-content\/uploads\/2024\/03\/Seeappartement-Marina-innen016_1920px.jpg&#8220; title_text=&#8220;Seeappartement Marina Innen016 1920px&#8220; _builder_version=&#8220;4.24.2&#8243; _module_preset=&#8220;default&#8220; global_colors_info=&#8220;{}&#8220;][\/et_pb_image][\/et_pb_column][et_pb_column type=&#8220;1_3&#8243; _builder_version=&#8220;4.24.2&#8243; _module_preset=&#8220;default&#8220; custom_padding_tablet=&#8220;|||34px|false|false&#8220; custom_padding_phone=&#8220;|29px||29px|false|true&#8220; custom_padding_last_edited=&#8220;on|phone&#8220; animation_style=&#8220;slide&#8220; animation_direction=&#8220;bottom&#8220; animation_duration=&#8220;850ms&#8220; animation_delay=&#8220;400ms&#8220; animation_intensity_slide=&#8220;10%&#8220; animation_starting_opacity=&#8220;7%&#8220; global_colors_info=&#8220;{}&#8220;][et_pb_text _builder_version=&#8220;4.24.2&#8243; _module_preset=&#8220;00d21a64-67d2-4533-a075-c2b99fee3c22&#8243; header_2_font=&#8220;Noto Sans||||||||&#8220; header_2_font_size=&#8220;40px&#8220; custom_margin=&#8220;||10px||false|false&#8220; header_2_font_size_tablet=&#8220;40px&#8220; header_2_font_size_phone=&#8220;24px&#8220; header_2_font_size_last_edited=&#8220;on|phone&#8220; global_colors_info=&#8220;{}&#8220;]<\/p>\n<h2>Ihr Urlaub am W\u00f6rthersee<\/h2>\n<p>[\/et_pb_text][et_pb_text _builder_version=&#8220;4.24.2&#8243; _module_preset=&#8220;fec41f92-d575-4b1f-90d2-bb3154e99086&#8243; text_font=&#8220;||||||||&#8220; global_colors_info=&#8220;{}&#8220;]<\/p>\n<ul>\n<li>liegt am westlichen Ortsrand von P\u00f6rtschach,<\/li>\n<li>mit Ferienwohnungen direkt am See,<\/li>\n<li>f\u00fcnf Gehminuten vom Ortszentrum entfernt.<\/li>\n<\/ul>\n<p>6 komfortabel eingerichtete Ferienwohnungen laden zum Wohlf\u00fchlen ein und bieten viele Annehmlichkeiten. Genie\u00dfen Sie bei uns Ihren Urlaub am W\u00f6rthersee in K\u00e4rnten.<\/p>\n<p>[\/et_pb_text][et_pb_button button_url=&#8220;@ET-DC@eyJkeW5hbWljIjp0cnVlLCJjb250ZW50IjoicG9zdF9saW5rX3VybF9wYWdlIiwic2V0dGluZ3MiOnsicG9zdF9pZCI6IjMxNyJ9fQ==@&#8220; button_text=&#8220;Termine pr\u00fcfen&#8220; _builder_version=&#8220;4.24.2&#8243; _dynamic_attributes=&#8220;button_url&#8220; _module_preset=&#8220;75def95e-5dbe-4bff-b519-b7dea4cfea98&#8243; custom_button=&#8220;off&#8220; global_colors_info=&#8220;{}&#8220;][\/et_pb_button][\/et_pb_column][\/et_pb_row][\/et_pb_section]<\/p>\n","protected":false},"excerpt":{"rendered":"<p>Sommerurlaub direkt am W\u00f6rtherseeSeeappartementsMarina<div class=\"et_pb_with_border et_pb_module difl_imagehover difl_imagehover_0\">\n\t\t\t\t\n\t\t\t\t\n\t\t\t\t\n\t\t\t\t\n\t\t\t\t\n\t\t\t\t\n\t\t\t\t<div class=\"et_pb_module_inner\">\n\t\t\t\t\t<div class=\"df_ihb_container no-image-scale\">\n                <figure class=\"c4-izmir df_ihb_image_wrap \">\n                    \n                    <img decoding=\"async\" src=\"https:\/\/seeappartement-marina.at\/wp-content\/uploads\/2024\/02\/A4-Wohnen_500px.jpg\" alt=\"\" \/>\n                    <figcaption class=\"df_ihb_content c4-layout-bottom-center\">\n                        \n                        <div class=\"ihb_title_wrap c4-fade-up\"><h3 class=\"df_ihb_title\">Appartement 4<\/h3><\/div>\n                    <\/figcaption>\n                <\/figure>\n            <\/div>\n\t\t\t\t<\/div>\n\t\t\t<\/div>Appartements<div class=\"et_pb_with_border et_pb_module difl_imagehover difl_imagehover_1\">\n\t\t\t\t\n\t\t\t\t\n\t\t\t\t\n\t\t\t\t\n\t\t\t\t\n\t\t\t\t\n\t\t\t\t<div class=\"et_pb_module_inner\">\n\t\t\t\t\t<div class=\"df_ihb_container no-image-scale\">\n                <figure class=\"c4-izmir df_ihb_image_wrap \">\n                    \n                    <img decoding=\"async\" src=\"https:\/\/seeappartement-marina.at\/wp-content\/uploads\/2024\/02\/Marina-Seeseite003_500px.jpg\" alt=\"\" \/>\n                    <figcaption class=\"df_ihb_content c4-layout-bottom-center\">\n                        \n                        <div class=\"ihb_title_wrap c4-fade-up\"><h3 class=\"df_ihb_title\">Blick vom See<\/h3><\/div>\n                    <\/figcaption>\n                <\/figure>\n            <\/div>\n\t\t\t\t<\/div>\n\t\t\t<\/div>Seeseite<div class=\"et_pb_with_border et_pb_module difl_imagehover difl_imagehover_2\">\n\t\t\t\t\n\t\t\t\t\n\t\t\t\t\n\t\t\t\t\n\t\t\t\t\n\t\t\t\t\n\t\t\t\t<div class=\"et_pb_module_inner\">\n\t\t\t\t\t<div class=\"df_ihb_container no-image-scale\">\n                <figure class=\"c4-izmir df_ihb_image_wrap \">\n                    \n                    <img decoding=\"async\" src=\"https:\/\/seeappartement-marina.at\/wp-content\/uploads\/2024\/03\/LiegewieseSee001_500px.jpeg\" alt=\"\" \/>\n                    <figcaption class=\"df_ihb_content c4-layout-bottom-center\">\n                        \n                        <div class=\"ihb_title_wrap c4-fade-up\"><h3 class=\"df_ihb_title\">Liegewiese mit Seeblick<\/h3><\/div>\n                    <\/figcaption>\n                <\/figure>\n            <\/div>\n\t\t\t\t<\/div>\n\t\t\t<\/div>LiegewieseIhr Urlaub am W\u00f6rthersee liegt am westlichen Ortsrand von P\u00f6rtschach, mit Ferienwohnungen direkt am See, f\u00fcnf Gehminuten [&hellip;]<\/p>\n","protected":false},"author":1,"featured_media":0,"parent":0,"menu_order":0,"comment_status":"closed","ping_status":"closed","template":"","meta":{"_et_pb_use_builder":"on","_et_pb_old_content":"","_et_gb_content_width":"","footnotes":""},"difl_page_category":[],"class_list":["post-21","page","type-page","status-publish","hentry"],"aioseo_notices":[],"_links":{"self":[{"href":"https:\/\/seeappartement-marina.at\/en\/wp-json\/wp\/v2\/pages\/21","targetHints":{"allow":["GET"]}}],"collection":[{"href":"https:\/\/seeappartement-marina.at\/en\/wp-json\/wp\/v2\/pages"}],"about":[{"href":"https:\/\/seeappartement-marina.at\/en\/wp-json\/wp\/v2\/types\/page"}],"author":[{"embeddable":true,"href":"https:\/\/seeappartement-marina.at\/en\/wp-json\/wp\/v2\/users\/1"}],"replies":[{"embeddable":true,"href":"https:\/\/seeappartement-marina.at\/en\/wp-json\/wp\/v2\/comments?post=21"}],"version-history":[{"count":5,"href":"https:\/\/seeappartement-marina.at\/en\/wp-json\/wp\/v2\/pages\/21\/revisions"}],"predecessor-version":[{"id":1449,"href":"https:\/\/seeappartement-marina.at\/en\/wp-json\/wp\/v2\/pages\/21\/revisions\/1449"}],"wp:attachment":[{"href":"https:\/\/seeappartement-marina.at\/en\/wp-json\/wp\/v2\/media?parent=21"}],"wp:term":[{"taxonomy":"difl_page_category","embeddable":true,"href":"https:\/\/seeappartement-marina.at\/en\/wp-json\/wp\/v2\/difl_page_category?post=21"}],"curies":[{"name":"wp","href":"https:\/\/api.w.org\/{rel}","templated":true}]}}